{"id":3612,"date":"2021-05-06T11:22:00","date_gmt":"2021-05-06T09:22:00","guid":{"rendered":"https:\/\/solidarites.ch\/geneve\/?post_type=cpt_video&#038;p=3612"},"modified":"2021-05-06T11:25:25","modified_gmt":"2021-05-06T09:25:25","slug":"monde-du-travail-syndicalisme-et-changement-climatique","status":"publish","type":"cpt_video","link":"https:\/\/solidarites.ch\/geneve\/video\/monde-du-travail-syndicalisme-et-changement-climatique\/","title":{"rendered":"Monde du travail, syndicalisme et changement climatique"},"content":{"rendered":"\n<figure class=\"wp-block-embed is-type-video is-provider-youtube wp-block-embed-youtube wp-embed-aspect-16-9 wp-has-aspect-ratio\"><div class=\"wp-block-embed__wrapper\">\n<iframe loading=\"lazy\" title=\"Monde du travail, syndicalisme et changement climatique\" width=\"500\" height=\"281\" src=\"https:\/\/www.youtube.com\/embed\/j8xXREb2GOY?feature=oembed\" frameborder=\"0\" allow=\"accelerometer; autoplay; clipboard-write; encrypted-media; gyroscope; picture-in-picture; web-share\" referrerpolicy=\"strict-origin-when-cross-origin\" allowfullscreen><\/iframe>\n<\/div><\/figure>\n\n\n\n<p><strong>Une conf\u00e9rence avec avec Annick Coup\u00e9 d&rsquo;ATTAC et du syndicat Solidaires! (France), et Manolo Gari, syndicaliste et militant d&rsquo;Anticapitalistas (Etat espagnol)<\/strong><\/p>\n\n\n\n<p>Dans la perspective des mobilisations en vue de la Gr\u00e8ve pour l&rsquo;Avenir du 21 mai, nous invitons ces deux figures engag\u00e9es sur les questions des luttes \u00e9cologiques et sociales pour discuter et comparer les exp\u00e9riences fran\u00e7aises, espagnoles et suisses.<br><br>\u00ab\u00a0Fin du monde, fin du mois, m\u00eame combat\u00a0\u00bb a-t-on pu lire ou entendre sur des banderoles et dans les slogans lors des mobilisations de Gilets jaunes en France lors de ce 1er mai \u00e0 Gen\u00e8ve. Qu&rsquo;en est-il en Espagne? La prise de conscience de l&rsquo;urgence et de la n\u00e9cessit\u00e9 de la convergence des luttes pour la justice sociale et climatique est une priorit\u00e9 partout en Europe mais&#8230; Comment r\u00e9ussir \u00e0 mobiliser largement la population, comment construire un rapport de force&nbsp; pouvant faire changer les politiques climatiques, quels sont les nouveaux d\u00e9fis des syndicats, et quelles reconversions possibles pour les salari\u00e9.e.s&#8230;.. C&rsquo;est quelques unes des nombreuses questions que nous aborderons ensemble avec nos deux invit\u00e9.es.<\/p>\n","protected":false},"featured_media":3615,"template":"","tx_journal_display":[56],"class_list":["post-3612","cpt_video","type-cpt_video","status-publish","has-post-thumbnail","hentry"],"acf":[],"yoast_head":"<!-- This site is optimized with the Yoast SEO plugin v27.4 - https:\/\/yoast.com\/product\/yoast-seo-wordpress\/ -->\n<title>Monde du travail, syndicalisme et changement climatique - solidarit\u00e9S Gen\u00e8ve<\/title>\n<meta name=\"description\" content=\"Une conf\u00e9rence avec avec Annick Coup\u00e9 d&#039;ATTAC et du syndicat Solidaires! (France), et Manolo Gari, syndicaliste et militant d&#039;Anticapitalistas (Etat espagnol) Dans la perspective des mobilisations en vue de la Gr\u00e8ve pour l&#039;Avenir du 21 mai, nous invitons ces deux figures engag\u00e9es sur les questions des luttes \u00e9cologiques et sociales pour discuter et comparer les exp\u00e9riences fran\u00e7aises, espagnoles et suisses.&quot;Fin du monde, fin du mois, m\u00eame combat&quot; a-t-on pu lire ou entendre sur des banderoles et dans les slogans lors des mobilisations de Gilets jaunes en France lors de ce 1er mai \u00e0 Gen\u00e8ve. Qu&#039;en est-il en Espagne? La prise de conscience de l&#039;urgence et de la n\u00e9cessit\u00e9 de la convergence des luttes pour la justice sociale et climatique est une priorit\u00e9 partout en Europe mais... Comment r\u00e9ussir \u00e0 mobiliser largement la population, comment construire un rapport de force pouvant faire changer les politiques climatiques, quels sont les nouveaux d\u00e9fis des syndicats, et quelles reconversions possibles pour les salari\u00e9.e.s..... C&#039;est quelques unes des nombreuses questions que nous aborderons ensemble avec nos deux invit\u00e9.es.\" \/>\n<meta name=\"robots\" content=\"index, follow, max-snippet:-1, max-image-preview:large, max-video-preview:-1\" \/>\n<link rel=\"canonical\" href=\"https:\/\/solidarites.ch\/geneve\/video\/monde-du-travail-syndicalisme-et-changement-climatique\/\" \/>\n<meta property=\"og:locale\" content=\"fr_FR\" \/>\n<meta property=\"og:type\" content=\"article\" \/>\n<meta property=\"og:title\" content=\"Monde du travail, syndicalisme et changement climatique - solidarit\u00e9S Gen\u00e8ve\" \/>\n<meta property=\"og:description\" content=\"Une conf\u00e9rence avec avec Annick Coup\u00e9 d&#039;ATTAC et du syndicat Solidaires! (France), et Manolo Gari, syndicaliste et militant d&#039;Anticapitalistas (Etat espagnol) Dans la perspective des mobilisations en vue de la Gr\u00e8ve pour l&#039;Avenir du 21 mai, nous invitons ces deux figures engag\u00e9es sur les questions des luttes \u00e9cologiques et sociales pour discuter et comparer les exp\u00e9riences fran\u00e7aises, espagnoles et suisses.&quot;Fin du monde, fin du mois, m\u00eame combat&quot; a-t-on pu lire ou entendre sur des banderoles et dans les slogans lors des mobilisations de Gilets jaunes en France lors de ce 1er mai \u00e0 Gen\u00e8ve. Qu&#039;en est-il en Espagne? La prise de conscience de l&#039;urgence et de la n\u00e9cessit\u00e9 de la convergence des luttes pour la justice sociale et climatique est une priorit\u00e9 partout en Europe mais... Comment r\u00e9ussir \u00e0 mobiliser largement la population, comment construire un rapport de force pouvant faire changer les politiques climatiques, quels sont les nouveaux d\u00e9fis des syndicats, et quelles reconversions possibles pour les salari\u00e9.e.s..... C&#039;est quelques unes des nombreuses questions que nous aborderons ensemble avec nos deux invit\u00e9.es.\" \/>\n<meta property=\"og:url\" content=\"https:\/\/solidarites.ch\/geneve\/video\/monde-du-travail-syndicalisme-et-changement-climatique\/\" \/>\n<meta property=\"og:site_name\" content=\"solidarit\u00e9S Gen\u00e8ve\" \/>\n<meta property=\"article:modified_time\" content=\"2021-05-06T09:25:25+00:00\" \/>\n<meta property=\"og:image\" content=\"https:\/\/solidarites.ch\/geneve\/wp-content\/uploads\/sites\/6\/2021\/05\/murale-annick-manolo.jpg\" \/>\n\t<meta property=\"og:image:width\" content=\"1280\" \/>\n\t<meta property=\"og:image:height\" content=\"1280\" \/>\n\t<meta property=\"og:image:type\" content=\"image\/jpeg\" \/>\n<meta name=\"twitter:card\" content=\"summary_large_image\" \/>\n<meta name=\"twitter:label1\" content=\"Dur\u00e9e de lecture estim\u00e9e\" \/>\n\t<meta name=\"twitter:data1\" content=\"1 minute\" \/>\n<script type=\"application\/ld+json\" class=\"yoast-schema-graph\">{\"@context\":\"https:\\\/\\\/schema.org\",\"@graph\":[{\"@type\":\"WebPage\",\"@id\":\"https:\\\/\\\/solidarites.ch\\\/geneve\\\/video\\\/monde-du-travail-syndicalisme-et-changement-climatique\\\/\",\"url\":\"https:\\\/\\\/solidarites.ch\\\/geneve\\\/video\\\/monde-du-travail-syndicalisme-et-changement-climatique\\\/\",\"name\":\"Monde du travail, syndicalisme et changement climatique - solidarit\u00e9S Gen\u00e8ve\",\"isPartOf\":{\"@id\":\"https:\\\/\\\/solidarites.ch\\\/geneve\\\/#website\"},\"primaryImageOfPage\":{\"@id\":\"https:\\\/\\\/solidarites.ch\\\/geneve\\\/video\\\/monde-du-travail-syndicalisme-et-changement-climatique\\\/#primaryimage\"},\"image\":{\"@id\":\"https:\\\/\\\/solidarites.ch\\\/geneve\\\/video\\\/monde-du-travail-syndicalisme-et-changement-climatique\\\/#primaryimage\"},\"thumbnailUrl\":\"https:\\\/\\\/solidarites.ch\\\/geneve\\\/wp-content\\\/uploads\\\/sites\\\/6\\\/2021\\\/05\\\/murale-annick-manolo.jpg\",\"datePublished\":\"2021-05-06T09:22:00+00:00\",\"dateModified\":\"2021-05-06T09:25:25+00:00\",\"description\":\"Une conf\u00e9rence avec avec Annick Coup\u00e9 d'ATTAC et du syndicat Solidaires! (France), et Manolo Gari, syndicaliste et militant d'Anticapitalistas (Etat espagnol) Dans la perspective des mobilisations en vue de la Gr\u00e8ve pour l'Avenir du 21 mai, nous invitons ces deux figures engag\u00e9es sur les questions des luttes \u00e9cologiques et sociales pour discuter et comparer les exp\u00e9riences fran\u00e7aises, espagnoles et suisses.\\\"Fin du monde, fin du mois, m\u00eame combat\\\" a-t-on pu lire ou entendre sur des banderoles et dans les slogans lors des mobilisations de Gilets jaunes en France lors de ce 1er mai \u00e0 Gen\u00e8ve. Qu'en est-il en Espagne? La prise de conscience de l'urgence et de la n\u00e9cessit\u00e9 de la convergence des luttes pour la justice sociale et climatique est une priorit\u00e9 partout en Europe mais... Comment r\u00e9ussir \u00e0 mobiliser largement la population, comment construire un rapport de force pouvant faire changer les politiques climatiques, quels sont les nouveaux d\u00e9fis des syndicats, et quelles reconversions possibles pour les salari\u00e9.e.s..... C'est quelques unes des nombreuses questions que nous aborderons ensemble avec nos deux invit\u00e9.es.\",\"breadcrumb\":{\"@id\":\"https:\\\/\\\/solidarites.ch\\\/geneve\\\/video\\\/monde-du-travail-syndicalisme-et-changement-climatique\\\/#breadcrumb\"},\"inLanguage\":\"fr-FR\",\"potentialAction\":[{\"@type\":\"ReadAction\",\"target\":[\"https:\\\/\\\/solidarites.ch\\\/geneve\\\/video\\\/monde-du-travail-syndicalisme-et-changement-climatique\\\/\"]}]},{\"@type\":\"ImageObject\",\"inLanguage\":\"fr-FR\",\"@id\":\"https:\\\/\\\/solidarites.ch\\\/geneve\\\/video\\\/monde-du-travail-syndicalisme-et-changement-climatique\\\/#primaryimage\",\"url\":\"https:\\\/\\\/solidarites.ch\\\/geneve\\\/wp-content\\\/uploads\\\/sites\\\/6\\\/2021\\\/05\\\/murale-annick-manolo.jpg\",\"contentUrl\":\"https:\\\/\\\/solidarites.ch\\\/geneve\\\/wp-content\\\/uploads\\\/sites\\\/6\\\/2021\\\/05\\\/murale-annick-manolo.jpg\",\"width\":1280,\"height\":1280},{\"@type\":\"BreadcrumbList\",\"@id\":\"https:\\\/\\\/solidarites.ch\\\/geneve\\\/video\\\/monde-du-travail-syndicalisme-et-changement-climatique\\\/#breadcrumb\",\"itemListElement\":[{\"@type\":\"ListItem\",\"position\":1,\"name\":\"Accueil\",\"item\":\"https:\\\/\\\/solidarites.ch\\\/geneve\\\/\"},{\"@type\":\"ListItem\",\"position\":2,\"name\":\"Videos\",\"item\":\"https:\\\/\\\/solidarites.ch\\\/geneve\\\/videos\\\/\"},{\"@type\":\"ListItem\",\"position\":3,\"name\":\"Monde du travail, syndicalisme et changement climatique\"}]},{\"@type\":\"WebSite\",\"@id\":\"https:\\\/\\\/solidarites.ch\\\/geneve\\\/#website\",\"url\":\"https:\\\/\\\/solidarites.ch\\\/geneve\\\/\",\"name\":\"solidarit\u00e9S Gen\u00e8ve\",\"description\":\"Un mouvement &lt;br&gt;anticapitaliste, &lt;br&gt;f\u00e9ministe, &lt;br&gt;\u00e9cosocialiste\",\"potentialAction\":[{\"@type\":\"SearchAction\",\"target\":{\"@type\":\"EntryPoint\",\"urlTemplate\":\"https:\\\/\\\/solidarites.ch\\\/geneve\\\/?s={search_term_string}\"},\"query-input\":{\"@type\":\"PropertyValueSpecification\",\"valueRequired\":true,\"valueName\":\"search_term_string\"}}],\"inLanguage\":\"fr-FR\"}]}<\/script>\n<!-- \/ Yoast SEO plugin. -->","yoast_head_json":{"title":"Monde du travail, syndicalisme et changement climatique - solidarit\u00e9S Gen\u00e8ve","description":"Une conf\u00e9rence avec avec Annick Coup\u00e9 d'ATTAC et du syndicat Solidaires! (France), et Manolo Gari, syndicaliste et militant d'Anticapitalistas (Etat espagnol) Dans la perspective des mobilisations en vue de la Gr\u00e8ve pour l'Avenir du 21 mai, nous invitons ces deux figures engag\u00e9es sur les questions des luttes \u00e9cologiques et sociales pour discuter et comparer les exp\u00e9riences fran\u00e7aises, espagnoles et suisses.\"Fin du monde, fin du mois, m\u00eame combat\" a-t-on pu lire ou entendre sur des banderoles et dans les slogans lors des mobilisations de Gilets jaunes en France lors de ce 1er mai \u00e0 Gen\u00e8ve. Qu'en est-il en Espagne? La prise de conscience de l'urgence et de la n\u00e9cessit\u00e9 de la convergence des luttes pour la justice sociale et climatique est une priorit\u00e9 partout en Europe mais... Comment r\u00e9ussir \u00e0 mobiliser largement la population, comment construire un rapport de force pouvant faire changer les politiques climatiques, quels sont les nouveaux d\u00e9fis des syndicats, et quelles reconversions possibles pour les salari\u00e9.e.s..... C'est quelques unes des nombreuses questions que nous aborderons ensemble avec nos deux invit\u00e9.es.","robots":{"index":"index","follow":"follow","max-snippet":"max-snippet:-1","max-image-preview":"max-image-preview:large","max-video-preview":"max-video-preview:-1"},"canonical":"https:\/\/solidarites.ch\/geneve\/video\/monde-du-travail-syndicalisme-et-changement-climatique\/","og_locale":"fr_FR","og_type":"article","og_title":"Monde du travail, syndicalisme et changement climatique - solidarit\u00e9S Gen\u00e8ve","og_description":"Une conf\u00e9rence avec avec Annick Coup\u00e9 d'ATTAC et du syndicat Solidaires! (France), et Manolo Gari, syndicaliste et militant d'Anticapitalistas (Etat espagnol) Dans la perspective des mobilisations en vue de la Gr\u00e8ve pour l'Avenir du 21 mai, nous invitons ces deux figures engag\u00e9es sur les questions des luttes \u00e9cologiques et sociales pour discuter et comparer les exp\u00e9riences fran\u00e7aises, espagnoles et suisses.\"Fin du monde, fin du mois, m\u00eame combat\" a-t-on pu lire ou entendre sur des banderoles et dans les slogans lors des mobilisations de Gilets jaunes en France lors de ce 1er mai \u00e0 Gen\u00e8ve. Qu'en est-il en Espagne? La prise de conscience de l'urgence et de la n\u00e9cessit\u00e9 de la convergence des luttes pour la justice sociale et climatique est une priorit\u00e9 partout en Europe mais... Comment r\u00e9ussir \u00e0 mobiliser largement la population, comment construire un rapport de force pouvant faire changer les politiques climatiques, quels sont les nouveaux d\u00e9fis des syndicats, et quelles reconversions possibles pour les salari\u00e9.e.s..... C'est quelques unes des nombreuses questions que nous aborderons ensemble avec nos deux invit\u00e9.es.","og_url":"https:\/\/solidarites.ch\/geneve\/video\/monde-du-travail-syndicalisme-et-changement-climatique\/","og_site_name":"solidarit\u00e9S Gen\u00e8ve","article_modified_time":"2021-05-06T09:25:25+00:00","og_image":[{"width":1280,"height":1280,"url":"https:\/\/solidarites.ch\/geneve\/wp-content\/uploads\/sites\/6\/2021\/05\/murale-annick-manolo.jpg","type":"image\/jpeg"}],"twitter_card":"summary_large_image","twitter_misc":{"Dur\u00e9e de lecture estim\u00e9e":"1 minute"},"schema":{"@context":"https:\/\/schema.org","@graph":[{"@type":"WebPage","@id":"https:\/\/solidarites.ch\/geneve\/video\/monde-du-travail-syndicalisme-et-changement-climatique\/","url":"https:\/\/solidarites.ch\/geneve\/video\/monde-du-travail-syndicalisme-et-changement-climatique\/","name":"Monde du travail, syndicalisme et changement climatique - solidarit\u00e9S Gen\u00e8ve","isPartOf":{"@id":"https:\/\/solidarites.ch\/geneve\/#website"},"primaryImageOfPage":{"@id":"https:\/\/solidarites.ch\/geneve\/video\/monde-du-travail-syndicalisme-et-changement-climatique\/#primaryimage"},"image":{"@id":"https:\/\/solidarites.ch\/geneve\/video\/monde-du-travail-syndicalisme-et-changement-climatique\/#primaryimage"},"thumbnailUrl":"https:\/\/solidarites.ch\/geneve\/wp-content\/uploads\/sites\/6\/2021\/05\/murale-annick-manolo.jpg","datePublished":"2021-05-06T09:22:00+00:00","dateModified":"2021-05-06T09:25:25+00:00","description":"Une conf\u00e9rence avec avec Annick Coup\u00e9 d'ATTAC et du syndicat Solidaires! (France), et Manolo Gari, syndicaliste et militant d'Anticapitalistas (Etat espagnol) Dans la perspective des mobilisations en vue de la Gr\u00e8ve pour l'Avenir du 21 mai, nous invitons ces deux figures engag\u00e9es sur les questions des luttes \u00e9cologiques et sociales pour discuter et comparer les exp\u00e9riences fran\u00e7aises, espagnoles et suisses.\"Fin du monde, fin du mois, m\u00eame combat\" a-t-on pu lire ou entendre sur des banderoles et dans les slogans lors des mobilisations de Gilets jaunes en France lors de ce 1er mai \u00e0 Gen\u00e8ve. Qu'en est-il en Espagne? La prise de conscience de l'urgence et de la n\u00e9cessit\u00e9 de la convergence des luttes pour la justice sociale et climatique est une priorit\u00e9 partout en Europe mais... Comment r\u00e9ussir \u00e0 mobiliser largement la population, comment construire un rapport de force pouvant faire changer les politiques climatiques, quels sont les nouveaux d\u00e9fis des syndicats, et quelles reconversions possibles pour les salari\u00e9.e.s..... C'est quelques unes des nombreuses questions que nous aborderons ensemble avec nos deux invit\u00e9.es.","breadcrumb":{"@id":"https:\/\/solidarites.ch\/geneve\/video\/monde-du-travail-syndicalisme-et-changement-climatique\/#breadcrumb"},"inLanguage":"fr-FR","potentialAction":[{"@type":"ReadAction","target":["https:\/\/solidarites.ch\/geneve\/video\/monde-du-travail-syndicalisme-et-changement-climatique\/"]}]},{"@type":"ImageObject","inLanguage":"fr-FR","@id":"https:\/\/solidarites.ch\/geneve\/video\/monde-du-travail-syndicalisme-et-changement-climatique\/#primaryimage","url":"https:\/\/solidarites.ch\/geneve\/wp-content\/uploads\/sites\/6\/2021\/05\/murale-annick-manolo.jpg","contentUrl":"https:\/\/solidarites.ch\/geneve\/wp-content\/uploads\/sites\/6\/2021\/05\/murale-annick-manolo.jpg","width":1280,"height":1280},{"@type":"BreadcrumbList","@id":"https:\/\/solidarites.ch\/geneve\/video\/monde-du-travail-syndicalisme-et-changement-climatique\/#breadcrumb","itemListElement":[{"@type":"ListItem","position":1,"name":"Accueil","item":"https:\/\/solidarites.ch\/geneve\/"},{"@type":"ListItem","position":2,"name":"Videos","item":"https:\/\/solidarites.ch\/geneve\/videos\/"},{"@type":"ListItem","position":3,"name":"Monde du travail, syndicalisme et changement climatique"}]},{"@type":"WebSite","@id":"https:\/\/solidarites.ch\/geneve\/#website","url":"https:\/\/solidarites.ch\/geneve\/","name":"solidarit\u00e9S Gen\u00e8ve","description":"Un mouvement &lt;br&gt;anticapitaliste, &lt;br&gt;f\u00e9ministe, &lt;br&gt;\u00e9cosocialiste","potentialAction":[{"@type":"SearchAction","target":{"@type":"EntryPoint","urlTemplate":"https:\/\/solidarites.ch\/geneve\/?s={search_term_string}"},"query-input":{"@type":"PropertyValueSpecification","valueRequired":true,"valueName":"search_term_string"}}],"inLanguage":"fr-FR"}]}},"distributor_meta":false,"distributor_terms":false,"distributor_media":false,"distributor_original_site_name":"solidarit\u00e9S Gen\u00e8ve","distributor_original_site_url":"https:\/\/solidarites.ch\/geneve","push-errors":false,"_links":{"self":[{"href":"https:\/\/solidarites.ch\/geneve\/wp-json\/wp\/v2\/cpt_video\/3612","targetHints":{"allow":["GET"]}}],"collection":[{"href":"https:\/\/solidarites.ch\/geneve\/wp-json\/wp\/v2\/cpt_video"}],"about":[{"href":"https:\/\/solidarites.ch\/geneve\/wp-json\/wp\/v2\/types\/cpt_video"}],"wp:featuredmedia":[{"embeddable":true,"href":"https:\/\/solidarites.ch\/geneve\/wp-json\/wp\/v2\/media\/3615"}],"wp:attachment":[{"href":"https:\/\/solidarites.ch\/geneve\/wp-json\/wp\/v2\/media?parent=3612"}],"wp:term":[{"taxonomy":"tx_journal_display","embeddable":true,"href":"https:\/\/solidarites.ch\/geneve\/wp-json\/wp\/v2\/tx_journal_display?post=3612"}],"curies":[{"name":"wp","href":"https:\/\/api.w.org\/{rel}","templated":true}]}}