{"version":"1.0","provider_name":"solidarit\u00e9S Vaud","provider_url":"https:\/\/solidarites.ch\/vaud","title":"LES N\u00d4TRES Marceline Cordone (1921-2014) &#8211; solidarit\u00e9S Vaud","type":"rich","width":600,"height":338,"html":"<blockquote class=\"wp-embedded-content\" data-secret=\"hcnqQSYMmh\"><a href=\"https:\/\/solidarites.ch\/vaud\/2014\/09\/02\/les-notres-marceline-cordone-1921-2014\/\">LES N\u00d4TRES  Marceline Cordone (1921-2014)<\/a><\/blockquote><iframe sandbox=\"allow-scripts\" security=\"restricted\" src=\"https:\/\/solidarites.ch\/vaud\/2014\/09\/02\/les-notres-marceline-cordone-1921-2014\/embed\/#?secret=hcnqQSYMmh\" width=\"600\" height=\"338\" title=\"\u00ab\u00a0LES N\u00d4TRES  Marceline Cordone (1921-2014)\u00a0\u00bb &#8212; solidarit\u00e9S Vaud\" data-secret=\"hcnqQSYMmh\" frameborder=\"0\" marginwidth=\"0\" marginheight=\"0\" scrolling=\"no\" class=\"wp-embedded-content\"><\/iframe><script type=\"text\/javascript\">\n\/* <![CDATA[ *\/\n\/*! This file is auto-generated *\/\n!function(d,l){\"use strict\";l.querySelector&&d.addEventListener&&\"undefined\"!=typeof URL&&(d.wp=d.wp||{},d.wp.receiveEmbedMessage||(d.wp.receiveEmbedMessage=function(e){var t=e.data;if((t||t.secret||t.message||t.value)&&!\/[^a-zA-Z0-9]\/.test(t.secret)){for(var s,r,n,a=l.querySelectorAll('iframe[data-secret=\"'+t.secret+'\"]'),o=l.querySelectorAll('blockquote[data-secret=\"'+t.secret+'\"]'),c=new RegExp(\"^https?:$\",\"i\"),i=0;i<o.length;i++)o[i].style.display=\"none\";for(i=0;i<a.length;i++)s=a[i],e.source===s.contentWindow&&(s.removeAttribute(\"style\"),\"height\"===t.message?(1e3<(r=parseInt(t.value,10))?r=1e3:~~r<200&&(r=200),s.height=r):\"link\"===t.message&&(r=new URL(s.getAttribute(\"src\")),n=new URL(t.value),c.test(n.protocol))&&n.host===r.host&&l.activeElement===s&&(d.top.location.href=t.value))}},d.addEventListener(\"message\",d.wp.receiveEmbedMessage,!1),l.addEventListener(\"DOMContentLoaded\",function(){for(var e,t,s=l.querySelectorAll(\"iframe.wp-embedded-content\"),r=0;r<s.length;r++)(t=(e=s[r]).getAttribute(\"data-secret\"))||(t=Math.random().toString(36).substring(2,12),e.src+=\"#?secret=\"+t,e.setAttribute(\"data-secret\",t)),e.contentWindow.postMessage({message:\"ready\",secret:t},\"*\")},!1)))}(window,document);\n\/\/# sourceURL=https:\/\/solidarites.ch\/vaud\/wp-includes\/js\/wp-embed.min.js\n\/* ]]> *\/\n<\/script>\n","description":"Nous avons appris le d\u00e9c\u00e8s, apr\u00e8s une vie bien remplie, de notre amie Marceline Cordone. Elle figure dans le dictionnaire historique de la Suisse sous son nom de femme mari\u00e9e, Mi\u00e9ville, qu\u2019elle abandonna apr\u00e8s son divorce. Elle fut ainsi la premi\u00e8re femme candidate \u2013 du POP \u2013 \u00e0 une \u00e9lection f\u00e9d\u00e9rale (au Conseil des Etats &hellip; Continued","thumbnail_url":"https:\/\/solidarites.ch\/vaud\/wp-content\/uploads\/sites\/3\/2020\/01\/sol_VD_Pos_RVB.png","thumbnail_width":1024,"thumbnail_height":409}