{"version":"1.0","provider_name":"solidarit\u00e9S Vaud","provider_url":"https:\/\/solidarites.ch\/vaud","title":"Les employeurs n\u2019ont pas froid aux yeux &#8211; solidarit\u00e9S Vaud","type":"rich","width":600,"height":338,"html":"<blockquote class=\"wp-embedded-content\" data-secret=\"qbuOtTGqMl\"><a href=\"https:\/\/solidarites.ch\/vaud\/2015\/02\/15\/les-employeurs-nont-pas-froid-aux-yeux\/\">Les employeurs n\u2019ont pas froid aux yeux<\/a><\/blockquote><iframe sandbox=\"allow-scripts\" security=\"restricted\" src=\"https:\/\/solidarites.ch\/vaud\/2015\/02\/15\/les-employeurs-nont-pas-froid-aux-yeux\/embed\/#?secret=qbuOtTGqMl\" width=\"600\" height=\"338\" title=\"\u00ab\u00a0Les employeurs n\u2019ont pas froid aux yeux\u00a0\u00bb &#8212; solidarit\u00e9S Vaud\" data-secret=\"qbuOtTGqMl\" frameborder=\"0\" marginwidth=\"0\" marginheight=\"0\" scrolling=\"no\" class=\"wp-embedded-content\"><\/iframe><script type=\"text\/javascript\">\n\/* <![CDATA[ *\/\n\/*! This file is auto-generated *\/\n!function(d,l){\"use strict\";l.querySelector&&d.addEventListener&&\"undefined\"!=typeof URL&&(d.wp=d.wp||{},d.wp.receiveEmbedMessage||(d.wp.receiveEmbedMessage=function(e){var t=e.data;if((t||t.secret||t.message||t.value)&&!\/[^a-zA-Z0-9]\/.test(t.secret)){for(var s,r,n,a=l.querySelectorAll('iframe[data-secret=\"'+t.secret+'\"]'),o=l.querySelectorAll('blockquote[data-secret=\"'+t.secret+'\"]'),c=new RegExp(\"^https?:$\",\"i\"),i=0;i<o.length;i++)o[i].style.display=\"none\";for(i=0;i<a.length;i++)s=a[i],e.source===s.contentWindow&&(s.removeAttribute(\"style\"),\"height\"===t.message?(1e3<(r=parseInt(t.value,10))?r=1e3:~~r<200&&(r=200),s.height=r):\"link\"===t.message&&(r=new URL(s.getAttribute(\"src\")),n=new URL(t.value),c.test(n.protocol))&&n.host===r.host&&l.activeElement===s&&(d.top.location.href=t.value))}},d.addEventListener(\"message\",d.wp.receiveEmbedMessage,!1),l.addEventListener(\"DOMContentLoaded\",function(){for(var e,t,s=l.querySelectorAll(\"iframe.wp-embedded-content\"),r=0;r<s.length;r++)(t=(e=s[r]).getAttribute(\"data-secret\"))||(t=Math.random().toString(36).substring(2,12),e.src+=\"#?secret=\"+t,e.setAttribute(\"data-secret\",t)),e.contentWindow.postMessage({message:\"ready\",secret:t},\"*\")},!1)))}(window,document);\n\/\/# sourceURL=https:\/\/solidarites.ch\/vaud\/wp-includes\/js\/wp-embed.min.js\n\/* ]]> *\/\n<\/script>\n","thumbnail_url":"https:\/\/solidarites.ch\/vaud\/wp-content\/uploads\/sites\/3\/2019\/12\/2_image_vd.png","thumbnail_width":490,"thumbnail_height":300,"description":"Malgr\u00e9 des temp\u00e9ratures glaciales, aggrav\u00e9es par la bise ces derniers jours, certains employeurs du b\u00e2timent dans le canton de Vaud ont contraint leurs salari\u00e9s \u00e0 travailler en plein air, au m\u00e9pris de leur s\u00e9curit\u00e9 et de leur sant\u00e9. Sur le chantier d\u2019Implenia de la rue Haldimand \u00e0 Yverdon, les rafales de vent ont d\u00e9clench\u00e9 \u00e0 &hellip; Continued"}