{"version":"1.0","provider_name":"solidarit\u00e9S Vaud","provider_url":"https:\/\/solidarites.ch\/vaud","title":"Cocktail aust\u00e9ritaire du g\u00e9ant jaune &#8211; solidarit\u00e9S Vaud","type":"rich","width":600,"height":338,"html":"<blockquote class=\"wp-embedded-content\" data-secret=\"8A03aTt8Y6\"><a href=\"https:\/\/solidarites.ch\/vaud\/journal\/354-2\/cocktail-austeritaire-du-geant-jaune\/\">Cocktail aust\u00e9ritaire du g\u00e9ant jaune<\/a><\/blockquote><iframe sandbox=\"allow-scripts\" security=\"restricted\" src=\"https:\/\/solidarites.ch\/vaud\/journal\/354-2\/cocktail-austeritaire-du-geant-jaune\/embed\/#?secret=8A03aTt8Y6\" width=\"600\" height=\"338\" title=\"\u00ab\u00a0Cocktail aust\u00e9ritaire du g\u00e9ant jaune\u00a0\u00bb &#8212; solidarit\u00e9S Vaud\" data-secret=\"8A03aTt8Y6\" frameborder=\"0\" marginwidth=\"0\" marginheight=\"0\" scrolling=\"no\" class=\"wp-embedded-content\"><\/iframe><script type=\"text\/javascript\">\n\/* <![CDATA[ *\/\n\/*! This file is auto-generated *\/\n!function(d,l){\"use strict\";l.querySelector&&d.addEventListener&&\"undefined\"!=typeof URL&&(d.wp=d.wp||{},d.wp.receiveEmbedMessage||(d.wp.receiveEmbedMessage=function(e){var t=e.data;if((t||t.secret||t.message||t.value)&&!\/[^a-zA-Z0-9]\/.test(t.secret)){for(var s,r,n,a=l.querySelectorAll('iframe[data-secret=\"'+t.secret+'\"]'),o=l.querySelectorAll('blockquote[data-secret=\"'+t.secret+'\"]'),c=new RegExp(\"^https?:$\",\"i\"),i=0;i<o.length;i++)o[i].style.display=\"none\";for(i=0;i<a.length;i++)s=a[i],e.source===s.contentWindow&&(s.removeAttribute(\"style\"),\"height\"===t.message?(1e3<(r=parseInt(t.value,10))?r=1e3:~~r<200&&(r=200),s.height=r):\"link\"===t.message&&(r=new URL(s.getAttribute(\"src\")),n=new URL(t.value),c.test(n.protocol))&&n.host===r.host&&l.activeElement===s&&(d.top.location.href=t.value))}},d.addEventListener(\"message\",d.wp.receiveEmbedMessage,!1),l.addEventListener(\"DOMContentLoaded\",function(){for(var e,t,s=l.querySelectorAll(\"iframe.wp-embedded-content\"),r=0;r<s.length;r++)(t=(e=s[r]).getAttribute(\"data-secret\"))||(t=Math.random().toString(36).substring(2,12),e.src+=\"#?secret=\"+t,e.setAttribute(\"data-secret\",t)),e.contentWindow.postMessage({message:\"ready\",secret:t},\"*\")},!1)))}(window,document);\n\/\/# sourceURL=https:\/\/solidarites.ch\/vaud\/wp-includes\/js\/wp-embed.min.js\n\/* ]]> *\/\n<\/script>\n","thumbnail_url":"https:\/\/solidarites.ch\/vaud\/wp-content\/uploads\/sites\/3\/2019\/07\/manifestation-poste-riponne_francoise-orioli.jpg","thumbnail_width":960,"thumbnail_height":720,"description":"Manifestation dans l&rsquo;office de poste de la Riponne. Photo: Fran\u00e7oise Orioli La Poste pr\u00e9voit de fermer 49 offices dans le pays de Vaud \u00e0 l&rsquo;horizon 2020, selon Syndicom et l&rsquo;ACIDUS (Association Citoyenne de D\u00e9fense des Usagers du Service public). Une cinquantaine d&rsquo;autres seraient menac\u00e9es apr\u00e8s cette date. La raison? M\u00eame le bureau de Bellevaux, toujours &hellip; Continued"}