{"version":"1.0","provider_name":"solidarit\u00e9S Vaud","provider_url":"https:\/\/solidarites.ch\/vaud","title":"Un patronat conscient de ses int\u00e9r\u00eats &#8211; solidarit\u00e9S Vaud","type":"rich","width":600,"height":338,"html":"<blockquote class=\"wp-embedded-content\" data-secret=\"11L1iLG7GM\"><a href=\"https:\/\/solidarites.ch\/vaud\/journal\/368-2\/un-patronat-conscient-de-ses-interets\/\">Un patronat conscient  de ses int\u00e9r\u00eats<\/a><\/blockquote><iframe sandbox=\"allow-scripts\" security=\"restricted\" src=\"https:\/\/solidarites.ch\/vaud\/journal\/368-2\/un-patronat-conscient-de-ses-interets\/embed\/#?secret=11L1iLG7GM\" width=\"600\" height=\"338\" title=\"\u00ab\u00a0Un patronat conscient  de ses int\u00e9r\u00eats\u00a0\u00bb &#8212; solidarit\u00e9S Vaud\" data-secret=\"11L1iLG7GM\" frameborder=\"0\" marginwidth=\"0\" marginheight=\"0\" scrolling=\"no\" class=\"wp-embedded-content\"><\/iframe><script type=\"text\/javascript\">\n\/* <![CDATA[ *\/\n\/*! This file is auto-generated *\/\n!function(d,l){\"use strict\";l.querySelector&&d.addEventListener&&\"undefined\"!=typeof URL&&(d.wp=d.wp||{},d.wp.receiveEmbedMessage||(d.wp.receiveEmbedMessage=function(e){var t=e.data;if((t||t.secret||t.message||t.value)&&!\/[^a-zA-Z0-9]\/.test(t.secret)){for(var s,r,n,a=l.querySelectorAll('iframe[data-secret=\"'+t.secret+'\"]'),o=l.querySelectorAll('blockquote[data-secret=\"'+t.secret+'\"]'),c=new RegExp(\"^https?:$\",\"i\"),i=0;i<o.length;i++)o[i].style.display=\"none\";for(i=0;i<a.length;i++)s=a[i],e.source===s.contentWindow&&(s.removeAttribute(\"style\"),\"height\"===t.message?(1e3<(r=parseInt(t.value,10))?r=1e3:~~r<200&&(r=200),s.height=r):\"link\"===t.message&&(r=new URL(s.getAttribute(\"src\")),n=new URL(t.value),c.test(n.protocol))&&n.host===r.host&&l.activeElement===s&&(d.top.location.href=t.value))}},d.addEventListener(\"message\",d.wp.receiveEmbedMessage,!1),l.addEventListener(\"DOMContentLoaded\",function(){for(var e,t,s=l.querySelectorAll(\"iframe.wp-embedded-content\"),r=0;r<s.length;r++)(t=(e=s[r]).getAttribute(\"data-secret\"))||(t=Math.random().toString(36).substring(2,12),e.src+=\"#?secret=\"+t,e.setAttribute(\"data-secret\",t)),e.contentWindow.postMessage({message:\"ready\",secret:t},\"*\")},!1)))}(window,document);\n\/\/# sourceURL=https:\/\/solidarites.ch\/vaud\/wp-includes\/js\/wp-embed.min.js\n\/* ]]> *\/\n<\/script>\n","thumbnail_url":"https:\/\/solidarites.ch\/vaud\/wp-content\/uploads\/sites\/3\/2020\/06\/Journee-de-l-economie-2019-Economiesuisse.jpg","thumbnail_width":1386,"thumbnail_height":921,"description":"La crise sanitaire r\u00e9v\u00e8le les rapports de force habituellement dissimul\u00e9s par le fonctionnement \u00ab normal \u00bb de l\u2019\u00e9conomie. C\u2019est l\u2019occasion de nous interroger sur le r\u00f4le des associations patronales, qui veillent \u00e0 ce que la soci\u00e9t\u00e9 fonctionne au service du capital."}